{"id":257,"date":"2023-11-28T11:15:51","date_gmt":"2023-11-28T11:15:51","guid":{"rendered":"https:\/\/certermoli.org\/?page_id=257"},"modified":"2024-02-26T19:23:22","modified_gmt":"2024-02-26T19:23:22","slug":"consultazione-pubblica","status":"publish","type":"page","link":"https:\/\/certermoli.org\/?page_id=257","title":{"rendered":"Consultazione Pubblica"},"content":{"rendered":"\n<div class=\"wp-block-columns is-layout-flex wp-container-core-columns-is-layout-9d6595d7 wp-block-columns-is-layout-flex\">\n<div class=\"wp-block-column is-layout-flow wp-block-column-is-layout-flow\">\n<h2 class=\"wp-block-heading has-text-color has-link-color wp-elements-18344c8a8a4a914c460d305c83365e3a\" style=\"color:#248721;font-size:16px\"><strong>05<\/strong><strong>&nbsp;<\/strong><strong>dice<\/strong><strong>mbre 2022<\/strong>&nbsp;&#8211;&nbsp;<strong>Consultazione pubblica<\/strong>: Attuazione della disciplina per la regolamentazione degli incentivi per la condivisione dell\u2019energia di cui all\u2019articolo 8 del decreto legislativo 8 novembre 2021, n.199<\/h2>\n<\/div>\n\n\n\n<div class=\"wp-block-column is-layout-flow wp-block-column-is-layout-flow\">\n<figure class=\"wp-block-image size-full\"><img loading=\"lazy\" decoding=\"async\" width=\"997\" height=\"525\" src=\"https:\/\/certermoli.org\/wp-content\/uploads\/2023\/11\/ministero-ambiente-1.jpg\" alt=\"\" class=\"wp-image-555\" srcset=\"https:\/\/certermoli.org\/wp-content\/uploads\/2023\/11\/ministero-ambiente-1.jpg 997w, https:\/\/certermoli.org\/wp-content\/uploads\/2023\/11\/ministero-ambiente-1-300x158.jpg 300w, https:\/\/certermoli.org\/wp-content\/uploads\/2023\/11\/ministero-ambiente-1-768x404.jpg 768w\" sizes=\"auto, (max-width: 997px) 100vw, 997px\" \/><\/figure>\n\n\n\n<div class=\"wp-block-group has-black-color has-text-color has-link-color wp-elements-023ecec3826b1f8609c394a35e9d8a48\" style=\"font-size:16px\"><div class=\"wp-block-group__inner-container is-layout-constrained wp-block-group-is-layout-constrained\">\n<p><strong>Spett.le Ministero dell\u2019Ambiente e della Sicurezza Energetica<\/strong><\/p>\n\n\n\n<p>dgaece.div03@pec.mise.gov.it<\/p>\n<\/div><\/div>\n<\/div>\n<\/div>\n\n\n\n<p class=\"has-black-color has-text-color has-link-color wp-elements-39ff035b4d015b827f6fcab82fc29808\" style=\"font-size:16px\"><strong>Oggetto<\/strong>: \u201c<strong>Consultazione DM energia condivisa<\/strong>\u201d &#8211; Attuazione della disciplina per la regolamentazione degli incentivi per la condivisione dell\u2019energia di cui all\u2019articolo 8 del decreto legislativo 8 novembre 2021, n.199 (Comunit\u00e0 energetiche e sistemi di autoconsumo \u2013 impianti di potenza fino a 1 MW)<\/p>\n\n\n\n<p class=\"has-black-color has-text-color has-link-color wp-elements-446356ad6d30a245f07ec53c03560b0f\" style=\"font-size:16px\"><strong>Premessa<\/strong>: La crisi che stiamo vivendo chiede con urgenza una transizione energetica per costruire un nuovo modello di <strong>organizzazione sociale basato sulla produzione e sul consumo di energia proveniente da fonti rinnovabili<\/strong> che ispiri un modo di abitare pi\u00f9 sostenibile. Si tratta da un lato di porre attenzione alla massima efficienza energetica e alla riduzione dei fabbisogni energetici durante la costruzione o la ristrutturazione di un edificio, dall\u2019altro di perseguire la condivisione delle risorse disponibili al fine di ridurre il proprio impatto ecologico aumentando la convivenza sociale.<\/p>\n\n\n\n<p class=\"has-black-color has-text-color has-link-color wp-elements-6369f34f100bd984378963457c8cd007\" style=\"font-size:16px\">All\u2019interno di quest\u2019ultimo percorso entrano a pieno titolo le <strong>comunit\u00e0 energetiche<\/strong>. I princ\u00ecpi su cui si fonda una comunit\u00e0 energetica sono il decentramento e la localizzazione della produzione energetica. Attraverso il coinvolgimento di cittadini, attivit\u00e0 commerciali, imprese e altre realt\u00e0 del territorio \u00e8 possibile produrre, consumare e scambiare energia in un\u2019ottica di autoconsumo e collaborazione.<\/p>\n\n\n\n<p class=\"has-black-color has-text-color has-link-color wp-elements-21ee0850a6a4359d2c9e331246694186\" style=\"font-size:16px\">Ogni comunit\u00e0 ha le proprie caratteristiche specifiche, ma tutte sono accomunate da uno stesso obiettivo: <strong>autoprodurre e fornire energia rinnovabile a prezzi accessibili ai propri membri<\/strong>.<\/p>\n\n\n\n<p class=\"has-black-color has-text-color has-link-color wp-elements-e8275158da52e033829f2717a69b9f83\" style=\"font-size:16px\">Di comunit\u00e0 energetiche se ne parla nel progetto promosso dall\u2019Istituto Tecnico di Istruzione Secondaria Superiore \u201cE. Majorana\u201d. Considerare gli istituti tecnici come \u201cscuole dell\u2019innovazione\u201d significa intendere questi istituti come un laboratorio di costruzione del futuro, capace di trasmettere ai giovani la curiosit\u00e0, il fascino dell\u2019immaginazione e il gusto della ricerca, del costruire insieme dei prodotti, di proiettare nel futuro il proprio impegno professionale per una piena realizzazione su piano culturale, umano e sociale. In un mondo sempre pi\u00f9 complesso e in continua trasformazione, l\u2019immaginazione \u00e8 il valore aggiunto per quanti vogliono creare qualcosa di nuovo, di proprio, di distintivo; qualcosa che dia significato alla propria storia, alle proprie scelte, ad un progetto di una societ\u00e0 pi\u00f9 giusta e solidale. Pertanto, il nostro Istituto \u00e8 impegnato nella formazione degli studenti sia per creare delle opportunit\u00e0 concrete verso la \u201c<strong>transizione ecologica<\/strong>\u201d sia per assumere il <strong>ruolo trainante e di raccordo<\/strong> tra il <strong>Comune di Termoli<\/strong>, l\u2019<strong>ENEA<\/strong> (Agenzia nazionale per le nuove tecnologie, l\u2019energia e lo sviluppo economico sostenibile) e la cittadinanza tutta affinch\u00e9 anche il nostro territorio veda la nascita di una (o pi\u00f9) comunit\u00e0 energetiche. L\u2019istituto \u201cE. Majorana\u201d assolver\u00e0 alla qualifica di promotore e di partner tecnico del progetto e, tramite il lavoro di ricerca e studio che verr\u00e0 implementato con gli studenti, si dar\u00e0 forma ad una prima \u201c<strong>comunit\u00e0 energetica<\/strong>\u201d nel comune di Termoli.<\/p>\n\n\n\n<p class=\"has-black-color has-text-color has-link-color wp-elements-10082a406721b89224d41a5a260337f0\" style=\"font-size:16px\">Oltre i vantaggi ambientali derivanti dalla produzione da fonti rinnovabili ci saranno risvolti per la comunit\u00e0 dati dalla possibilit\u00e0 di fornire energia elettrica in condivisione, assolvendo ad un grande progetto di solidariet\u00e0 sociale.<\/p>\n\n\n\n<p class=\"has-black-color has-text-color has-link-color wp-elements-04bad6ce263b4be6608540a7e24d6bb5\" style=\"font-size:16px\"><strong>Schema di consultazione<\/strong>: Lo schema posto alla consultazione al punto 4 \u2013 \u201c<strong>caratteristiche dell\u2019incentivo<\/strong>\u201d punto 2 riporta:<\/p>\n\n\n\n<ul class=\"wp-block-list\">\n<li style=\"font-size:16px\">Per impianti fotovoltaici la tariffa verrebbe corretta per tenere conto dei diversi livelli di insolazione, sulla base della seguente tabella:<\/li>\n<\/ul>\n\n\n\n<div style=\"height:50px\" aria-hidden=\"true\" class=\"wp-block-spacer\"><\/div>\n\n\n\n<figure class=\"wp-block-table\" style=\"font-size:16px\"><table class=\"has-black-color has-text-color has-link-color\"><tbody><tr><td class=\"has-text-align-center\" data-align=\"center\"><strong>Zona geografica<\/strong><\/td><td class=\"has-text-align-center\" data-align=\"center\"><strong>Fattore di correzione<\/strong><\/td><\/tr><tr><td class=\"has-text-align-center\" data-align=\"center\">Regioni del Centro (Lazio, Marche, Toscana, <br>Umbria, Abruzzo)<\/td><td class=\"has-text-align-center\" data-align=\"center\">+ 4 \u20ac\/MWh<\/td><\/tr><tr><td class=\"has-text-align-center\" data-align=\"center\">Regioni del Nord (Emilia-Romagna, Friuli-Venezia Giulia, Liguria, <br>Lombardia, Piemonte, Trentino-Alto Adige, Valle d&#8217;Aosta, Veneto)<\/td><td class=\"has-text-align-center\" data-align=\"center\">+10 \u20ac\/MWh<\/td><\/tr><\/tbody><\/table><\/figure>\n\n\n\n<div style=\"height:50px\" aria-hidden=\"true\" class=\"wp-block-spacer\"><\/div>\n\n\n\n<p class=\"has-black-color has-text-color has-link-color wp-elements-8fe6e99d35ebc359e7858231472e712a\" style=\"font-size:16px\">Inoltre negli spunti di consultazione successivi riporta:<\/p>\n\n\n\n<p class=\"has-black-color has-text-color has-link-color wp-elements-1639e992df66780e016ef84ff4c1030c\" style=\"font-size:16px\"><em><strong>Inoltre, \u00e8 prevista una correzione per la tecnologia fotovoltaica sulla base dell\u2019insolazione, al fine di favorire una uniforme distribuzione degli investimenti sul territorio nazionale.<\/strong><\/em><\/p>\n\n\n\n<p class=\"has-black-color has-text-color has-link-color wp-elements-ae70953605fa89cf471a76f2848c9645\" style=\"font-size:16px\">Se interpretata in modo corretto la proposta vuole introdurre una correzione dell\u2019incentivo in misura proporzionale alla geolocalizzazione dell\u2019intervento andando a premiare con una maggiore remunerazione una minore produzione energetica. Da letteratura specialistica per\u00f2 possiamo evincere che per quanto riguarda la produzione fotovoltaica (<em>di cui si parla negli spunti di consultazione<\/em>) si ha una diretta correlazione tra latitudine e luogo di installazione e produzione energetica.<\/p>\n\n\n\n<div class=\"wp-block-columns is-layout-flex wp-container-core-columns-is-layout-9d6595d7 wp-block-columns-is-layout-flex\">\n<div class=\"wp-block-column is-layout-flow wp-block-column-is-layout-flow\">\n<p class=\"has-black-color has-text-color has-link-color wp-elements-233c7131ddf0c2a98a073b0ac1a3dc1a\" style=\"font-size:16px\">Se prendiamo il quaderno 22 \u2013 \u201cL\u2019energia fotovoltaica\u201d (<em>G22-065-0 \u2013 Collana sviluppo sostenibile<\/em>) edito da&nbsp;<strong>ENEA<\/strong>&nbsp;(Ente per le nuove tecnologie, l\u2019energia e l\u2019ambiente) possiamo leggere a pagina 4:\u201d<em>&nbsp;<\/em><em>La quantit\u00e0 di energia solare che arriva sulla superficie terrestre e che pu\u00f2 essere utilmente \u201craccolta\u201d da un dispositivo fotovoltaico dipende dall\u2019irraggiamento del luogo. L\u2019irraggiamento \u00e8, infatti, la quantit\u00e0 di energia solare incidente su una superficie unitaria in un determinato intervallo di tempo, tipicamente un giorno (kWh\/m2\/giorno). Il valore istantaneo della radiazione solare incidente sull\u2019unit\u00e0 di superficie viene invece denominato radianza (kW\/m2). L\u2019irraggiamento \u00e8 influenzato dalle condizioni climatiche locali (nuvolosit\u00e0, foschia ecc..) e&nbsp;<\/em><em><strong>dipende dalla latitudine del luogo<\/strong><\/em><em><strong>,&nbsp;<\/strong><\/em><em><strong>cresce cio\u00e8 quanto pi\u00f9 ci si avvicina all\u2019equatore<\/strong><\/em><em>. In Italia, l\u2019irraggiamento medio annuale varia dai 3,6kWh\/m2\/giorno della pianura padana ai 4,7kWh\/m2\/giorno del centro Sud e ai 5,4kWh\/m2\/giorno della Sicilia.<\/em>\u201d<\/p>\n<\/div>\n\n\n\n<div class=\"wp-block-column is-layout-flow wp-block-column-is-layout-flow\">\n<figure class=\"wp-block-image size-full\"><img loading=\"lazy\" decoding=\"async\" width=\"690\" height=\"526\" src=\"https:\/\/certermoli.org\/wp-content\/uploads\/2023\/11\/cartina.png\" alt=\"Radiazione solare diretta media annua nell'Italia meridionale\" class=\"wp-image-554\" srcset=\"https:\/\/certermoli.org\/wp-content\/uploads\/2023\/11\/cartina.png 690w, https:\/\/certermoli.org\/wp-content\/uploads\/2023\/11\/cartina-300x229.png 300w\" sizes=\"auto, (max-width: 690px) 100vw, 690px\" \/><\/figure>\n<\/div>\n<\/div>\n\n\n\n<figure class=\"wp-block-image size-full\"><img loading=\"lazy\" decoding=\"async\" width=\"1024\" height=\"768\" src=\"https:\/\/certermoli.org\/wp-content\/uploads\/2023\/11\/cartina-2.jpg\" alt=\"Cartina Italia\" class=\"wp-image-553\" srcset=\"https:\/\/certermoli.org\/wp-content\/uploads\/2023\/11\/cartina-2.jpg 1024w, https:\/\/certermoli.org\/wp-content\/uploads\/2023\/11\/cartina-2-300x225.jpg 300w, https:\/\/certermoli.org\/wp-content\/uploads\/2023\/11\/cartina-2-768x576.jpg 768w\" sizes=\"auto, (max-width: 1024px) 100vw, 1024px\" \/><\/figure>\n\n\n\n<p class=\"has-black-color has-text-color has-link-color wp-elements-5440dd4645fce76825378bd29feecc74\" style=\"font-size:16px\">Nel testo della proposta viene inserito il Lazio tra le regioni beneficiarie di incentivo. Da uno studio attento della nostra penisola per\u00f2 possiamo notare come il paese pi\u00f9 a sud del Lazio \u00e8 il comune di Ventotene nella provincia di Latina. Il comune pi\u00f9 a sud del Molise \u00e8 invece Sepino situato nella provincia di Campobasso.<\/p>\n\n\n\n<div style=\"height:50px\" aria-hidden=\"true\" class=\"wp-block-spacer\"><\/div>\n\n\n\n<figure class=\"wp-block-table\" style=\"font-size:16px\"><table class=\"has-black-color has-text-color has-link-color\"><tbody><tr><td class=\"has-text-align-center\" data-align=\"center\"><strong>Ventotene (LT)<\/strong><\/td><td class=\"has-text-align-center\" data-align=\"center\"><strong>Sepino (CB)<\/strong><\/td><\/tr><tr><td class=\"has-text-align-center\" data-align=\"center\">Coordinate Sessagesimali<br>Latitudine: <strong>40\u00b0 47&#8242; 49&#8221; Nord<\/strong><br>Longitudine: 13\u00b0 25&#8242; 56&#8221; Est<\/td><td class=\"has-text-align-center\" data-align=\"center\">Coordinate Sessagesimali<br>Latitudine: <strong>41\u00b0 24&#8242; 32&#8221; Nord<\/strong><br>Longitudine: 14\u00b0 37&#8242; 11&#8221; Est<\/td><\/tr><\/tbody><\/table><\/figure>\n\n\n\n<div style=\"height:50px\" aria-hidden=\"true\" class=\"wp-block-spacer\"><\/div>\n\n\n\n<p class=\"has-black-color has-text-color has-link-color wp-elements-61020a962ceff1640a8baef3ac0a3923\" style=\"font-size:16px\">Come si pu\u00f2 vedere dalle coordinate sessagesimali il comune di Ventotene \u00e8 pi\u00f9 vicino all\u2019equatore rispetto al comune di Sepino. Ma da uno studio pi\u00f9 attento si nota come in realt\u00e0 tutto il Molise \u00e8 nella fascia di latitudine che comprende le province di Latina, Frosinone e Roma Sud.<\/p>\n\n\n\n<p class=\"has-black-color has-text-color has-link-color wp-elements-e4ebe5ba10615ff8f24bf9482fb8e8dc\" style=\"font-size:16px\">Infatti il nostro comune&nbsp;<strong>Termoli<\/strong>&nbsp;\u00e8 posizionato su una latitudine di&nbsp;<strong>41\u00b059&#8217;23&#8243;28 N<\/strong>&nbsp;molto prossima a quella di&nbsp;<strong>Roma<\/strong>&nbsp;di&nbsp;<strong>41\u00b053\u203235\u2033 N<\/strong>. Per questi motivi nel&nbsp;<strong>rispetto della ratio della proposta<\/strong>&nbsp;anche il&nbsp;<strong>Molise avrebbe diritto a beneficiare della maggiorazione per fascia produttiva<\/strong>.<\/p>\n\n\n\n<p class=\"has-black-color has-text-color has-link-color wp-elements-ddba8f140ea75e88127df2a54a5ed9f6\" style=\"font-size:16px\"><strong><\/strong><strong>Proposta di modifica<\/strong>: Per i motivi espressi in precedenza si&nbsp;<strong>chiede la modifica della proposta posta in consultazione<\/strong>&nbsp;in modo tale che anche la regione Molise veda riconosciuto un fattore di correzione di +4 \u20ac\/MWh cos\u00ec come di seguito indicato:<\/p>\n\n\n\n<div style=\"height:50px\" aria-hidden=\"true\" class=\"wp-block-spacer\"><\/div>\n\n\n\n<div class=\"wp-block-group\"><div class=\"wp-block-group__inner-container is-layout-constrained wp-block-group-is-layout-constrained\">\n<figure class=\"wp-block-table is-style-regular\" style=\"font-size:16px\"><table class=\"has-black-color has-text-color has-link-color\"><thead><tr><th colspan=\"2\">Testo posto a consultazione<\/th><th colspan=\"2\">Testo emendato<\/th><\/tr><\/thead><tbody><tr><td>Zona geografica<\/td><td>Fattore di correzione<\/td><td>Zona geografica<\/td><td>Fattore di correzione<\/td><\/tr><tr><td>Regioni del Centro (Lazio, Marche, Toscana,<br>Umbria, Abruzzo)<\/td><td>+ 4 \u20ac\/MWh<\/td><td>Regioni del Centro (Lazio, Marche, Toscana,<br>Umbria, Abruzzo)<\/td><td>+ 4 \u20ac\/MWh<\/td><\/tr><tr><td>Regioni del Nord (Emilia-Romagna, Friuli-Venezia Giulia, Liguria,<br>Lombardia, Piemonte, Trentino-Alto Adige, Valle d&#8217;Aosta, Veneto)<\/td><td>+ 10 \u20ac\/MWh<\/td><td>Regioni del Nord (Emilia-Romagna, Friuli-Venezia Giulia, Liguria,<br>Lombardia, Piemonte, Trentino-Alto Adige, Valle d&#8217;Aosta, Veneto)<\/td><td>+ 10 \u20ac\/MWh<\/td><\/tr><\/tbody><\/table><\/figure>\n<\/div><\/div>\n\n\n\n<div style=\"height:100px\" aria-hidden=\"true\" class=\"wp-block-spacer\"><\/div>\n","protected":false},"excerpt":{"rendered":"<p>05&nbsp;dicembre 2022&nbsp;&#8211;&nbsp;Consultazione pubblica: Attuazione della disciplina per la regolamentazione degli incentivi per la condivisione dell\u2019energia di cui all\u2019articolo 8 del decreto legislativo 8 novembre 2021, n.199 Spett.le Ministero dell\u2019Ambiente e della Sicurezza Energetica dgaece.div03@pec.mise.gov.it Oggetto: \u201cConsultazione DM energia condivisa\u201d &#8211; Attuazione della disciplina per la regolamentazione degli incentivi per la condivisione dell\u2019energia di cui all\u2019articolo [&hellip;]<\/p>\n","protected":false},"author":1,"featured_media":0,"parent":0,"menu_order":0,"comment_status":"closed","ping_status":"closed","template":"","meta":{"footnotes":""},"class_list":["post-257","page","type-page","status-publish","hentry"],"_links":{"self":[{"href":"https:\/\/certermoli.org\/index.php?rest_route=\/wp\/v2\/pages\/257","targetHints":{"allow":["GET"]}}],"collection":[{"href":"https:\/\/certermoli.org\/index.php?rest_route=\/wp\/v2\/pages"}],"about":[{"href":"https:\/\/certermoli.org\/index.php?rest_route=\/wp\/v2\/types\/page"}],"author":[{"embeddable":true,"href":"https:\/\/certermoli.org\/index.php?rest_route=\/wp\/v2\/users\/1"}],"replies":[{"embeddable":true,"href":"https:\/\/certermoli.org\/index.php?rest_route=%2Fwp%2Fv2%2Fcomments&post=257"}],"version-history":[{"count":12,"href":"https:\/\/certermoli.org\/index.php?rest_route=\/wp\/v2\/pages\/257\/revisions"}],"predecessor-version":[{"id":1389,"href":"https:\/\/certermoli.org\/index.php?rest_route=\/wp\/v2\/pages\/257\/revisions\/1389"}],"wp:attachment":[{"href":"https:\/\/certermoli.org\/index.php?rest_route=%2Fwp%2Fv2%2Fmedia&parent=257"}],"curies":[{"name":"wp","href":"https:\/\/api.w.org\/{rel}","templated":true}]}}