{"id":194,"date":"2023-11-28T10:43:15","date_gmt":"2023-11-28T10:43:15","guid":{"rendered":"https:\/\/certermoli.org\/?page_id=194"},"modified":"2024-02-26T18:52:23","modified_gmt":"2024-02-26T18:52:23","slug":"ciao","status":"publish","type":"page","link":"https:\/\/certermoli.org\/?page_id=194","title":{"rendered":"Primi Passi"},"content":{"rendered":"\n<p class=\"has-text-color has-link-color wp-elements-4dd831b2abca904efac58e64d7ab93e2\" style=\"color:#248721;font-size:16px\"><strong>21 aprile 2022<\/strong>&nbsp;\u2013 presentazione del progetto presso l\u2019auditorium della nostra scuola alla presenza del Sindaco e degli esperti ENEA<\/p>\n\n\n\n<div class=\"wp-block-media-text alignwide is-stacked-on-mobile is-vertically-aligned-top\"><figure class=\"wp-block-media-text__media\"><img loading=\"lazy\" decoding=\"async\" width=\"723\" height=\"1024\" src=\"https:\/\/certermoli.org\/wp-content\/uploads\/2023\/11\/FxIRaYnwd564TgSON8fHTy8s0Ifku9paNHkwDWeS4NFAgMQYodnU3sxrndXKkMvfcZQl28S-ar6SOsVdyPWiUWWtY_nrbmZOY64LXSFER08xk1ixLRVyTbihouNOjSe-gw1280-723x1024.png\" alt=\"\" class=\"wp-image-254 size-full\" srcset=\"https:\/\/certermoli.org\/wp-content\/uploads\/2023\/11\/FxIRaYnwd564TgSON8fHTy8s0Ifku9paNHkwDWeS4NFAgMQYodnU3sxrndXKkMvfcZQl28S-ar6SOsVdyPWiUWWtY_nrbmZOY64LXSFER08xk1ixLRVyTbihouNOjSe-gw1280-723x1024.png 723w, https:\/\/certermoli.org\/wp-content\/uploads\/2023\/11\/FxIRaYnwd564TgSON8fHTy8s0Ifku9paNHkwDWeS4NFAgMQYodnU3sxrndXKkMvfcZQl28S-ar6SOsVdyPWiUWWtY_nrbmZOY64LXSFER08xk1ixLRVyTbihouNOjSe-gw1280-212x300.png 212w, https:\/\/certermoli.org\/wp-content\/uploads\/2023\/11\/FxIRaYnwd564TgSON8fHTy8s0Ifku9paNHkwDWeS4NFAgMQYodnU3sxrndXKkMvfcZQl28S-ar6SOsVdyPWiUWWtY_nrbmZOY64LXSFER08xk1ixLRVyTbihouNOjSe-gw1280-768x1088.png 768w, https:\/\/certermoli.org\/wp-content\/uploads\/2023\/11\/FxIRaYnwd564TgSON8fHTy8s0Ifku9paNHkwDWeS4NFAgMQYodnU3sxrndXKkMvfcZQl28S-ar6SOsVdyPWiUWWtY_nrbmZOY64LXSFER08xk1ixLRVyTbihouNOjSe-gw1280-1084x1536.png 1084w, https:\/\/certermoli.org\/wp-content\/uploads\/2023\/11\/FxIRaYnwd564TgSON8fHTy8s0Ifku9paNHkwDWeS4NFAgMQYodnU3sxrndXKkMvfcZQl28S-ar6SOsVdyPWiUWWtY_nrbmZOY64LXSFER08xk1ixLRVyTbihouNOjSe-gw1280.png 1280w\" sizes=\"auto, (max-width: 723px) 100vw, 723px\" \/><\/figure><div class=\"wp-block-media-text__content\">\n<p style=\"font-size:16px\">La crisi che stiamo vivendo chiede con urgenza una transizione energetica per costruire un nuovo modello di&nbsp;organizzazione sociale basato sulla produzione e sul consumo di energia proveniente da fonti rinnovabili&nbsp;che ispiri un modo di abitare pi\u00f9 sostenibile. Si tratta da un lato di porre attenzione alla massima efficienza energetica e alla riduzione dei fabbisogni energetici durante la costruzione o la ristrutturazione di un edificio, dall\u2019altro di perseguire la condivisione delle risorse disponibili al fine di ridurre il proprio impatto ecologico aumentando la convivenza sociale.<\/p>\n\n\n\n<div style=\"height:20px\" aria-hidden=\"true\" class=\"wp-block-spacer\"><\/div>\n\n\n\n<p style=\"font-size:16px\">All\u2019interno di quest\u2019ultimo percorso entrano a pieno titolo le&nbsp;comunit\u00e0 energetiche. I princ\u00ecpi su cui si fonda una comunit\u00e0 energetica sono il decentramento e la localizzazione della produzione energetica. Attraverso il coinvolgimento di cittadini, attivit\u00e0 commerciali, imprese e altre realt\u00e0 del territorio \u00e8 possibile produrre, consumare e scambiare energia in un\u2019ottica di autoconsumo e collaborazione.<\/p>\n\n\n\n<div style=\"height:20px\" aria-hidden=\"true\" class=\"wp-block-spacer\"><\/div>\n\n\n\n<p style=\"font-size:16px\">Ogni comunit\u00e0 ha le proprie caratteristiche specifiche, ma tutte sono accomunate da uno stesso obiettivo:&nbsp;autoprodurre e fornire energia rinnovabile a prezzi accessibili ai propri membri.<\/p>\n\n\n\n<div style=\"height:20px\" aria-hidden=\"true\" class=\"wp-block-spacer\"><\/div>\n\n\n\n<p style=\"font-size:16px\">Di comunit\u00e0 energetiche si parler\u00e0 nell\u2019incontro promosso dall\u2019Istituto di Istruzione Secondaria Superiore \u201cE. Majorana\u201d di Termoli il&nbsp;21 aprile alle ore 10.00&nbsp;presso l\u2019auditorium della scuola.<\/p>\n\n\n\n<div style=\"height:20px\" aria-hidden=\"true\" class=\"wp-block-spacer\"><\/div>\n\n\n\n<p style=\"font-size:16px\">L\u2019Istituto \u00e8 infatti impegnato nella formazione degli studenti sia per creare delle opportunit\u00e0 concrete verso la \u201ctransizione ecologica\u201d sia per assumere il ruolo trainante e di raccordo tra il Comune di Termoli, l\u2019ENEA (Agenzia nazionale per le nuove tecnologie, l\u2019energia e lo sviluppo economico sostenibile) e la cittadinanza tutta affinch\u00e9 anche il nostro territorio veda la nascita di una (o pi\u00f9) comunit\u00e0 energetiche.<\/p>\n\n\n\n<div style=\"height:20px\" aria-hidden=\"true\" class=\"wp-block-spacer\"><\/div>\n\n\n\n<p style=\"font-size:16px\">Di seguito il programma dell\u2019incontro:<\/p>\n\n\n\n<p style=\"font-size:16px\">\u00b7&nbsp;Introduzione del Dirigente Scolastico&nbsp;\u2013 prof.ssa Maria Maddalena CHIMISSO<\/p>\n\n\n\n<p style=\"font-size:16px\">\u00b7&nbsp;Saluto del Sindaco di Termoli&nbsp;\u2013 ing. Francesco ROBERTI<\/p>\n\n\n\n<p style=\"font-size:16px\">\u00b7&nbsp;Comunit\u00e0 Energetiche: il ruolo della scuola&nbsp;\u2013 prof. Paolo MARINUCCI<\/p>\n\n\n\n<p style=\"font-size:16px\">\u00b7&nbsp;Il quadro delle Comunit\u00e0 Energetiche in Italia: una risposta sostenibile alla crisi energetica attuale&nbsp;\u2013 arch. Antonella TUNDO<\/p>\n\n\n\n<p style=\"font-size:16px\">\u00b7&nbsp;Introduzione alle tecnologie rinnovabili solari&nbsp;\u2013 ing. Paolo ZANGHERI<\/p>\n\n\n\n<p style=\"font-size:16px\">\u00b7&nbsp;Recon: Lo Strumento ENEA per lo studio delle Comunit\u00e0 energetiche&nbsp;\u2013 ing. Matteo CALDERA\u00b7&nbsp;<\/p>\n\n\n\n<p style=\"font-size:16px\">Dibattito e conclusioni<\/p>\n\n\n\n<div style=\"height:20px\" aria-hidden=\"true\" class=\"wp-block-spacer\"><\/div>\n\n\n\n<p style=\"font-size:16px\">L\u2019istituto \u201cE. Majorana\u201d assolver\u00e0 alla qualifica di promotore e di partner tecnico del progetto e, tramite il lavoro di ricerca e studio che verr\u00e0 implementato con gli studenti, si dar\u00e0 forma ad una prima \u201ccomunit\u00e0 energetica\u201d nel comune di Termoli.<\/p>\n<\/div><\/div>\n\n\n\n<div style=\"height:20px\" aria-hidden=\"true\" class=\"wp-block-spacer\"><\/div>\n\n\n\n<figure class=\"wp-block-gallery has-nested-images columns-default is-cropped wp-block-gallery-1 is-layout-flex wp-block-gallery-is-layout-flex\">\n<figure class=\"wp-block-image size-large\"><img loading=\"lazy\" decoding=\"async\" width=\"1024\" height=\"768\" data-id=\"416\" src=\"https:\/\/certermoli.org\/wp-content\/uploads\/2023\/11\/JLXLjVSgarE2AaMGHHgtSSNKa5IfOw-FuB8Iqs8zfLgwUODJxzTJMMKEr2I5dXqlmutRlY-c3cPEIHVjT7ETueh3QmsysPzklQ6xRxp6o7ZvUwxOLdRAeRpmJkXfpOVT2gw1280-1024x768.jpeg\" alt=\"\" class=\"wp-image-416\" srcset=\"https:\/\/certermoli.org\/wp-content\/uploads\/2023\/11\/JLXLjVSgarE2AaMGHHgtSSNKa5IfOw-FuB8Iqs8zfLgwUODJxzTJMMKEr2I5dXqlmutRlY-c3cPEIHVjT7ETueh3QmsysPzklQ6xRxp6o7ZvUwxOLdRAeRpmJkXfpOVT2gw1280-1024x768.jpeg 1024w, https:\/\/certermoli.org\/wp-content\/uploads\/2023\/11\/JLXLjVSgarE2AaMGHHgtSSNKa5IfOw-FuB8Iqs8zfLgwUODJxzTJMMKEr2I5dXqlmutRlY-c3cPEIHVjT7ETueh3QmsysPzklQ6xRxp6o7ZvUwxOLdRAeRpmJkXfpOVT2gw1280-300x225.jpeg 300w, https:\/\/certermoli.org\/wp-content\/uploads\/2023\/11\/JLXLjVSgarE2AaMGHHgtSSNKa5IfOw-FuB8Iqs8zfLgwUODJxzTJMMKEr2I5dXqlmutRlY-c3cPEIHVjT7ETueh3QmsysPzklQ6xRxp6o7ZvUwxOLdRAeRpmJkXfpOVT2gw1280-768x576.jpeg 768w, https:\/\/certermoli.org\/wp-content\/uploads\/2023\/11\/JLXLjVSgarE2AaMGHHgtSSNKa5IfOw-FuB8Iqs8zfLgwUODJxzTJMMKEr2I5dXqlmutRlY-c3cPEIHVjT7ETueh3QmsysPzklQ6xRxp6o7ZvUwxOLdRAeRpmJkXfpOVT2gw1280.jpeg 1280w\" sizes=\"auto, (max-width: 1024px) 100vw, 1024px\" \/><\/figure>\n\n\n\n<figure class=\"wp-block-image size-large\"><img loading=\"lazy\" decoding=\"async\" width=\"1024\" height=\"768\" data-id=\"418\" src=\"https:\/\/certermoli.org\/wp-content\/uploads\/2023\/11\/URU_0A90eKTML8r0FjSXwTOeF0JYWIGL81g6ijk-pbLTl4WAE2GCgXbZr_1rPAPQtOqI6A8BPFUldoxIB_AgyPddPQ3d8oPi1oJJeQ3Z7MHOk1VV6zB0QGQBYtcc52xHbAw1280-1024x768.jpeg\" alt=\"\" class=\"wp-image-418\" srcset=\"https:\/\/certermoli.org\/wp-content\/uploads\/2023\/11\/URU_0A90eKTML8r0FjSXwTOeF0JYWIGL81g6ijk-pbLTl4WAE2GCgXbZr_1rPAPQtOqI6A8BPFUldoxIB_AgyPddPQ3d8oPi1oJJeQ3Z7MHOk1VV6zB0QGQBYtcc52xHbAw1280-1024x768.jpeg 1024w, https:\/\/certermoli.org\/wp-content\/uploads\/2023\/11\/URU_0A90eKTML8r0FjSXwTOeF0JYWIGL81g6ijk-pbLTl4WAE2GCgXbZr_1rPAPQtOqI6A8BPFUldoxIB_AgyPddPQ3d8oPi1oJJeQ3Z7MHOk1VV6zB0QGQBYtcc52xHbAw1280-300x225.jpeg 300w, https:\/\/certermoli.org\/wp-content\/uploads\/2023\/11\/URU_0A90eKTML8r0FjSXwTOeF0JYWIGL81g6ijk-pbLTl4WAE2GCgXbZr_1rPAPQtOqI6A8BPFUldoxIB_AgyPddPQ3d8oPi1oJJeQ3Z7MHOk1VV6zB0QGQBYtcc52xHbAw1280-768x576.jpeg 768w, https:\/\/certermoli.org\/wp-content\/uploads\/2023\/11\/URU_0A90eKTML8r0FjSXwTOeF0JYWIGL81g6ijk-pbLTl4WAE2GCgXbZr_1rPAPQtOqI6A8BPFUldoxIB_AgyPddPQ3d8oPi1oJJeQ3Z7MHOk1VV6zB0QGQBYtcc52xHbAw1280.jpeg 1280w\" sizes=\"auto, (max-width: 1024px) 100vw, 1024px\" \/><\/figure>\n\n\n\n<figure class=\"wp-block-image size-large\"><img loading=\"lazy\" decoding=\"async\" width=\"1024\" height=\"768\" data-id=\"417\" src=\"https:\/\/certermoli.org\/wp-content\/uploads\/2023\/11\/PXVGVgl3jJnOvUSlSSC_uXW3PFaNlpEbW0Ul0eyiKwsNe6qUc7bFY47F8xLq4skGoOP0-fwnwItQFK91HzZmCTcFlPzEZQI6m8-XEmeBh7oY7gi5b_Hk4Az3GDT1yhLcnAw1280-1024x768.jpeg\" alt=\"\" class=\"wp-image-417\" srcset=\"https:\/\/certermoli.org\/wp-content\/uploads\/2023\/11\/PXVGVgl3jJnOvUSlSSC_uXW3PFaNlpEbW0Ul0eyiKwsNe6qUc7bFY47F8xLq4skGoOP0-fwnwItQFK91HzZmCTcFlPzEZQI6m8-XEmeBh7oY7gi5b_Hk4Az3GDT1yhLcnAw1280-1024x768.jpeg 1024w, https:\/\/certermoli.org\/wp-content\/uploads\/2023\/11\/PXVGVgl3jJnOvUSlSSC_uXW3PFaNlpEbW0Ul0eyiKwsNe6qUc7bFY47F8xLq4skGoOP0-fwnwItQFK91HzZmCTcFlPzEZQI6m8-XEmeBh7oY7gi5b_Hk4Az3GDT1yhLcnAw1280-300x225.jpeg 300w, https:\/\/certermoli.org\/wp-content\/uploads\/2023\/11\/PXVGVgl3jJnOvUSlSSC_uXW3PFaNlpEbW0Ul0eyiKwsNe6qUc7bFY47F8xLq4skGoOP0-fwnwItQFK91HzZmCTcFlPzEZQI6m8-XEmeBh7oY7gi5b_Hk4Az3GDT1yhLcnAw1280-768x576.jpeg 768w, https:\/\/certermoli.org\/wp-content\/uploads\/2023\/11\/PXVGVgl3jJnOvUSlSSC_uXW3PFaNlpEbW0Ul0eyiKwsNe6qUc7bFY47F8xLq4skGoOP0-fwnwItQFK91HzZmCTcFlPzEZQI6m8-XEmeBh7oY7gi5b_Hk4Az3GDT1yhLcnAw1280.jpeg 1280w\" sizes=\"auto, (max-width: 1024px) 100vw, 1024px\" \/><\/figure>\n<\/figure>\n\n\n\n<div style=\"height:20px\" aria-hidden=\"true\" class=\"wp-block-spacer\"><\/div>\n\n\n\n<figure class=\"wp-block-embed is-type-video is-provider-youtube wp-block-embed-youtube wp-embed-aspect-16-9 wp-has-aspect-ratio\"><div class=\"wp-block-embed__wrapper\">\n<iframe loading=\"lazy\" title=\"primonumero it 21apr2022 video\" width=\"525\" height=\"295\" src=\"https:\/\/www.youtube.com\/embed\/hRVxhuOkorU?feature=oembed\" frameborder=\"0\" allow=\"accelerometer; autoplay; clipboard-write; encrypted-media; gyroscope; picture-in-picture; web-share\" referrerpolicy=\"strict-origin-when-cross-origin\" allowfullscreen><\/iframe>\n<\/div><\/figure>\n\n\n\n<figure class=\"wp-block-embed is-type-video is-provider-youtube wp-block-embed-youtube wp-embed-aspect-16-9 wp-has-aspect-ratio\"><div class=\"wp-block-embed__wrapper\">\n<iframe loading=\"lazy\" title=\"rai3 tgr 21apr2022 video\" width=\"525\" height=\"295\" src=\"https:\/\/www.youtube.com\/embed\/vUTQiZfW6Xg?feature=oembed\" frameborder=\"0\" allow=\"accelerometer; autoplay; clipboard-write; encrypted-media; gyroscope; picture-in-picture; web-share\" referrerpolicy=\"strict-origin-when-cross-origin\" allowfullscreen><\/iframe>\n<\/div><\/figure>\n\n\n\n<figure class=\"wp-block-embed is-type-video is-provider-youtube wp-block-embed-youtube wp-embed-aspect-16-9 wp-has-aspect-ratio\"><div class=\"wp-block-embed__wrapper\">\n<iframe loading=\"lazy\" title=\"telemolise 24apr2022\" width=\"525\" height=\"295\" src=\"https:\/\/www.youtube.com\/embed\/v_lTnpNZYE4?feature=oembed\" frameborder=\"0\" allow=\"accelerometer; autoplay; clipboard-write; encrypted-media; gyroscope; picture-in-picture; web-share\" referrerpolicy=\"strict-origin-when-cross-origin\" allowfullscreen><\/iframe>\n<\/div><\/figure>\n\n\n\n<figure class=\"wp-block-embed is-type-video is-provider-youtube wp-block-embed-youtube wp-embed-aspect-16-9 wp-has-aspect-ratio\"><div class=\"wp-block-embed__wrapper\">\n<iframe loading=\"lazy\" title=\"termolionline it 21apr2022 video\" width=\"525\" height=\"295\" src=\"https:\/\/www.youtube.com\/embed\/-9jreNbe7ZI?feature=oembed\" frameborder=\"0\" allow=\"accelerometer; autoplay; clipboard-write; encrypted-media; gyroscope; picture-in-picture; web-share\" referrerpolicy=\"strict-origin-when-cross-origin\" allowfullscreen><\/iframe>\n<\/div><\/figure>\n\n\n\n<div style=\"height:20px\" aria-hidden=\"true\" class=\"wp-block-spacer\"><\/div>\n\n\n\n<details class=\"wp-block-details is-layout-flow wp-block-details-is-layout-flow\" style=\"font-size:20px\"><summary>Rassegna stampa<\/summary>\n<ul class=\"wp-block-list\">\n<li><a href=\"https:\/\/www.google.com\/url?q=https%3A%2F%2Fcolibrimagazine.it%2Fambiente%2Fa-termoli-le-comunita-energetiche-delliiss-e-majorana%2F&amp;sa=D&amp;sntz=1&amp;usg=AOvVaw03qXNzEPaYLbkPKisZ3HRb\" target=\"_blank\" rel=\"noreferrer noopener\">A Termoli le comunit\u00e0 energetiche dell\u2019IISS \u201cE. Majorana\u201d<\/a> &#8211; (<strong>colibrimagazine.it<\/strong>)<\/li>\n\n\n\n<li><a href=\"https:\/\/www.google.com\/url?q=https%3A%2F%2Fwww.primonumero.it%2F2022%2F04%2Fil-mercato-coperto-di-pannelli-solari-lindustriale-majorana-lancia-la-prima-comunita-energetica-di-termoli%2F1530723207%2F&amp;sa=D&amp;sntz=1&amp;usg=AOvVaw17tGQSY-pIY_lXInprKkI3\" target=\"_blank\" rel=\"noreferrer noopener\">Il mercato coperto di pannelli solari: l\u2019Industriale Majorana lancia la prima comunit\u00e0 energetica di Termoli<\/a> &#8211; (<strong>primonumero.it<\/strong>)<\/li>\n<\/ul>\n\n\n\n<div style=\"height:16px\" aria-hidden=\"true\" class=\"wp-block-spacer\"><\/div>\n\n\n\n<ul class=\"wp-block-list\">\n<li><a href=\"https:\/\/www.google.com\/url?q=https%3A%2F%2Fwww.termolionline.it%2Fnews%2Fattualita%2F1094895%2Fcomunita-energetiche-termoli-protagonista-con-studenti-iss-majorana-&amp;sa=D&amp;sntz=1&amp;usg=AOvVaw38CIS8tFRmZQMQUngJHk6b\" target=\"_blank\" rel=\"noreferrer noopener\">Comunit\u00e0 energetiche, Termoli protagonista con studenti Iss \u2018Majorana\u2019<\/a> &#8211; (<strong>termolionline.it<\/strong>)<\/li>\n\n\n\n<li><a href=\"https:\/\/www.google.com\/url?q=https%3A%2F%2Fwww.termolionline.it%2Fnews%2Fattualita%2F1094984%2Fprodurre-energia-green-coinvolgendo-il-territorio-parte-la-sfida-dellistituto-majorana&amp;sa=D&amp;sntz=1&amp;usg=AOvVaw0q7rvAW7p07lMLtdUr-hgx\" target=\"_blank\" rel=\"noreferrer noopener\">Produrre energia green coinvolgendo il territorio, parte la sfida dell&#8217;istituto Majorana<\/a> &#8211; (<strong>termolionline.it<\/strong>)<\/li>\n<\/ul>\n\n\n\n<div style=\"height:16px\" aria-hidden=\"true\" class=\"wp-block-spacer\"><\/div>\n\n\n\n<ul class=\"wp-block-list\">\n<li><a href=\"https:\/\/www.google.com\/url?q=https%3A%2F%2Ffuturomolise.com%2Fcomunita-energetiche-domani-lincontro-a-termoli-per-discutere-delle-opportunita-concrete-verso-la-transizione-ecologica%2F&amp;sa=D&amp;sntz=1&amp;usg=AOvVaw0wgiEAahZJYDR1NZF9S_j7\" target=\"_blank\" rel=\"noreferrer noopener\">Comunit\u00e0 energetiche, domani l\u2019incontro a Termoli per discutere delle opportunit\u00e0 concrete verso la \u201ctransizione ecologica\u201d<\/a> &#8211; (<strong>futuromolise.it<\/strong>)<\/li>\n\n\n\n<li><a href=\"https:\/\/www.google.com\/url?q=https%3A%2F%2Fmynews.it%2Fprima-comunita-energetica-a-termoli-istituto-majorana-promotore-del-progetto%2F&amp;sa=D&amp;sntz=1&amp;usg=AOvVaw08mYOz4yuGuMkx5oTyNPeF\" target=\"_blank\" rel=\"noreferrer noopener\">Prima Comunit\u00e0 Energetica a Termoli: istituto Majorana promotore del progetto<\/a> &#8211; (<strong>mynews.it<\/strong>)<\/li>\n<\/ul>\n\n\n\n<div style=\"height:16px\" aria-hidden=\"true\" class=\"wp-block-spacer\"><\/div>\n\n\n\n<ul class=\"wp-block-list\">\n<li><a href=\"https:\/\/www.google.com\/url?q=https%3A%2F%2Fwww.primonumero.it%2F2022%2F04%2Fverso-la-prima-comunita-energetica-di-termoli-convegno-allistituto-industriale%2F1530722992%2F&amp;sa=D&amp;sntz=1&amp;usg=AOvVaw2ZcQIyI0sE5uHo_FHxP0Cm\" target=\"_blank\" rel=\"noreferrer noopener\">Verso la prima comunit\u00e0 energetica di Termoli, convegno all\u2019Istituto Industriale<\/a> &#8211; (<strong>primonumero.it<\/strong>)<\/li>\n<\/ul>\n\n\n\n<div style=\"height:16px\" aria-hidden=\"true\" class=\"wp-block-spacer\"><\/div>\n\n\n\n<ul class=\"wp-block-list\">\n<li><a href=\"https:\/\/www.google.com\/url?q=https%3A%2F%2Fm.facebook.com%2Fstory.php%3Fstory_fbid%3Dpfbid02AxmmLJRSQAtUbewzHR4tRpMq24YVYNUaCTXecRdjvw38QkUfLbfB1GwVV8iBoaUdl%26id%3D100069003796377&amp;sa=D&amp;sntz=1&amp;usg=AOvVaw1O6jQP9nSCQC1XnWc6D7Vx\" target=\"_blank\" rel=\"noreferrer noopener\">Le Comunit\u00e0 energetiche e il progetto per la copertura del Mercato Coperto di Via Montecarlo dove realizzare un impianto per produrre energia green: l&#8217;iniziativa dell&#8217;IISS Majorana<\/a> &#8211; (<strong>facebook Comune di Termoli<\/strong>)<\/li>\n<\/ul>\n<\/details>\n\n\n\n<div style=\"height:100px\" aria-hidden=\"true\" class=\"wp-block-spacer\"><\/div>\n","protected":false},"excerpt":{"rendered":"<p>21 aprile 2022&nbsp;\u2013 presentazione del progetto presso l\u2019auditorium della nostra scuola alla presenza del Sindaco e degli esperti ENEA<\/p>\n","protected":false},"author":1,"featured_media":0,"parent":0,"menu_order":0,"comment_status":"closed","ping_status":"closed","template":"","meta":{"footnotes":""},"class_list":["post-194","page","type-page","status-publish","hentry"],"_links":{"self":[{"href":"https:\/\/certermoli.org\/index.php?rest_route=\/wp\/v2\/pages\/194","targetHints":{"allow":["GET"]}}],"collection":[{"href":"https:\/\/certermoli.org\/index.php?rest_route=\/wp\/v2\/pages"}],"about":[{"href":"https:\/\/certermoli.org\/index.php?rest_route=\/wp\/v2\/types\/page"}],"author":[{"embeddable":true,"href":"https:\/\/certermoli.org\/index.php?rest_route=\/wp\/v2\/users\/1"}],"replies":[{"embeddable":true,"href":"https:\/\/certermoli.org\/index.php?rest_route=%2Fwp%2Fv2%2Fcomments&post=194"}],"version-history":[{"count":70,"href":"https:\/\/certermoli.org\/index.php?rest_route=\/wp\/v2\/pages\/194\/revisions"}],"predecessor-version":[{"id":1368,"href":"https:\/\/certermoli.org\/index.php?rest_route=\/wp\/v2\/pages\/194\/revisions\/1368"}],"wp:attachment":[{"href":"https:\/\/certermoli.org\/index.php?rest_route=%2Fwp%2Fv2%2Fmedia&parent=194"}],"curies":[{"name":"wp","href":"https:\/\/api.w.org\/{rel}","templated":true}]}}